{"id":3,"date":"2025-06-17T08:57:12","date_gmt":"2025-06-17T08:57:12","guid":{"rendered":"https:\/\/audika.hu\/hangokvilaga\/?page_id=3"},"modified":"2025-06-19T13:54:24","modified_gmt":"2025-06-19T11:54:24","slug":"adatkezelesi-tajekoztato","status":"publish","type":"page","link":"https:\/\/audika.hu\/hangokvilaga\/adatkezelesi-tajekoztato\/","title":{"rendered":"Adatkezel\u00e9si t\u00e1j\u00e9koztat\u00f3"},"content":{"rendered":"\t\t<div data-elementor-type=\"wp-page\" data-elementor-id=\"3\" class=\"elementor elementor-3\">\n\t\t\t\t<div class=\"elementor-element elementor-element-414afb1e e-flex e-con-boxed e-con e-parent\" data-id=\"414afb1e\" data-element_type=\"container\">\n\t\t\t\t\t<div class=\"e-con-inner\">\n\t\t\t\t<div class=\"elementor-element elementor-element-83c8ed7 elementor-widget elementor-widget-heading\" data-id=\"83c8ed7\" data-element_type=\"widget\" data-widget_type=\"heading.default\">\n\t\t\t\t<div class=\"elementor-widget-container\">\n\t\t\t\t\t<h1 class=\"elementor-heading-title elementor-size-default\">Adatkezel\u00e9si t\u00e1j\u00e9koztat\u00f3<\/h1>\t\t\t\t<\/div>\n\t\t\t\t<\/div>\n\t\t\t\t<div class=\"elementor-element elementor-element-5bfd4780 elementor-widget elementor-widget-text-editor\" data-id=\"5bfd4780\" data-element_type=\"widget\" data-widget_type=\"text-editor.default\">\n\t\t\t\t<div class=\"elementor-widget-container\">\n\t\t\t\t\t\t\t\t\t\r\n<div class=\"fusion-fullwidth fullwidth-box fusion-builder-row-1 fusion-flex-container has-pattern-background has-mask-background nonhundred-percent-fullwidth non-hundred-percent-height-scrolling\">\r\n<div class=\"fusion-builder-row fusion-row fusion-flex-align-items-flex-start fusion-flex-content-wrap\">\r\n<div class=\"fusion-layout-column fusion_builder_column fusion-builder-column-0 fusion_builder_column_1_1 1_1 fusion-flex-column\">\r\n<div class=\"fusion-column-wrapper fusion-column-has-shadow fusion-flex-justify-content-flex-start fusion-content-layout-column\">\r\n<div class=\"fusion-text fusion-text-1\">\r\n<p>Jelen Adatkezel\u00e9si T\u00e1j\u00e9koztat\u00f3 r\u00e9szletezi, hogy a felhaszn\u00e1l\u00f3inknak ny\u00fajtott hall\u00e1sjav\u00edt\u00f3 kezel\u00e9s sor\u00e1n hogyan kezelj\u00fck a szem\u00e9lyes adatokat. Szem\u00e9lyes adatok kezel\u00e9s\u00e9t v\u00e9gezz\u00fck, amikor az \u00d6n szem\u00e9lyes adatait gy\u0171jtj\u00fck, haszn\u00e1ljuk, t\u00e1roljuk \u00e9s tov\u00e1bb\u00edtjuk.<\/p>\r\n<p><strong>1. Adatkezel\u0151<\/strong><br \/>Mediszintech Audiol\u00f3gia Kft. (sz\u00e9khelye: 1132 Budapest, Visegr\u00e1di utca 31. 4. em., C\u00e9gjegyz\u00e9ksz\u00e1ma: 01-09-292048.) felel az \u00d6n szem\u00e9lyes adatainak a jelen Adatkezel\u00e9si T\u00e1j\u00e9koztat\u00f3ban le\u00edrtak szerinti kezel\u00e9s\u00e9rt. Mediszintech Audiol\u00f3gia Kft. a Demant Group tagja. A Mediszintech Audiol\u00f3gia Kft. \u00e1ltal kijel\u00f6lt adatv\u00e9delmi tisztvisel\u0151 neve \u00e9s el\u00e9rhet\u0151s\u00e9ge: Vas Magdolna, +36 70 333 7358, mgvs@demant.com<\/p>\r\n<p>Ha b\u00e1rmilyen k\u00e9r\u00e9se vagy k\u00e9rd\u00e9se van az \u00d6n szem\u00e9lyes adatainak kezel\u00e9s\u00e9vel kapcsolatban, k\u00e9rj\u00fck, l\u00e9pjen kapcsolatba vel\u00fcnk az al\u00e1bbi el\u00e9rhet\u0151s\u00e9geken kereszt\u00fcl:<\/p>\r\n<p>Mediszintech Audiol\u00f3gia Kft. (\u201emi\u201d)<br \/>Visegr\u00e1di utca 31. 4.em.<br \/>1132 Budapest<br \/>Magyarorsz\u00e1g<br \/>E-mail:\u00a0<a href=\"mailto:privacy@demant.com\" target=\"_blank\" rel=\"noopener\">privacy@demant.com<\/a><br \/>Adatv\u00e9delmi tisztvisel\u0151 e-mail c\u00edme:\u00a0<a href=\"mailto:mgvs@demant.com\" target=\"_blank\" rel=\"noopener\">mgvs@demant.com<\/a><\/p>\r\n<p>K\u00e9rj\u00fck, jel\u00f6lje meg, hogy a Mediszintech Audiol\u00f3gia Kft.-nek k\u00fcldi az e-mailt a demant c\u00edmre, \u00e9s annak t\u00e1rgy\u00e1ba a k\u00f6vetkez\u0151t \u00edrja: \u201eAdatv\u00e9delem HUN\u201d.<\/p>\r\n<p><strong>2. Hogyan kezelj\u00fck a szem\u00e9lyes adatait<\/strong><br \/>Az \u00d6n szem\u00e9lyes adatai \u2013 bele\u00e9rtve az eg\u00e9szs\u00e9g\u00fcgyi inform\u00e1ci\u00f3kat is \u2013 gy\u0171jt\u00e9s\u00e9nek \u00e9s felhaszn\u00e1l\u00e1s\u00e1nak c\u00e9lja az \u00d6n hall\u00e1sjav\u00edt\u00f3 kezel\u00e9s\u00e9nek elv\u00e9gz\u00e9se, valamint szolg\u00e1ltat\u00e1saink, ell\u00e1t\u00e1sunk \u00e9s term\u00e9keink biztos\u00edt\u00e1sa \u00e9rdek\u00e9ben az \u00d6nnel t\u00f6rt\u00e9n\u0151 kapcsolatfelv\u00e9tel, valamint szerz\u0151d\u00e9skezel\u00e9s, ad\u00f3- \u00e9s sz\u00e1mviteli k\u00f6telezetts\u00e9gek teljes\u00edt\u00e9se, jogszab\u00e1lyi k\u00f6telezetts\u00e9gek betart\u00e1sa.<\/p>\r\n<p><strong>2.1<\/strong>\u00a0Ha \u00d6n kifejezett hozz\u00e1j\u00e1rul\u00e1s\u00e1t adja, az al\u00e1bbiakban meghat\u00e1rozott szem\u00e9lyes adatok kateg\u00f3ri\u00e1it \u2013 bele\u00e9rtve az \u00d6n eg\u00e9szs\u00e9g\u00fcgyi adatait is \u2013 abb\u00f3l a c\u00e9lb\u00f3l kezelj\u00fck, hogy:<br \/>\u2022\u00a0<strong>Kapcsolatban maradjunk \u00d6nnel.<\/strong>\u00a0Ez mag\u00e1ban foglalja az \u00f6n azonos\u00edt\u00e1s\u00e1t, az id\u0151pontok egyeztet\u00e9s\u00e9re vonatkoz\u00f3 kapcsolatfelv\u00e9telt, az \u00d6n k\u00e9rd\u00e9seire val\u00f3 v\u00e1laszad\u00e1st \u00e9s a kezel\u00e9s\u00e9nek nyomon k\u00f6vet\u00e9s\u00e9t.<\/p>\r\n<p>Ebb\u0151l a c\u00e9lb\u00f3l kezelj\u00fck az \u00d6n nev\u00e9t, titulus\u00e1t, lakc\u00edm\u00e9t, telefonsz\u00e1m\u00e1t, e-mail c\u00edm\u00e9t, al\u00e1\u00edr\u00e1s\u00e1t, sz\u00fclet\u00e9si d\u00e1tum\u00e1t, sz\u00fclet\u00e9si hely\u00e9t, a hall\u00e1s\u00e1ra vonatkoz\u00f3 inform\u00e1ci\u00f3kat \u00e9s a hall\u00f3k\u00e9sz\u00fcl\u00e9k\u00e9re vonatkoz\u00f3 m\u0171szaki inform\u00e1ci\u00f3kat. Ide tartoznak a vizsg\u00e1lati eredm\u00e9nyek\/audiogramok, a kezel\u00e9si tervek, az eg\u00e9szs\u00e9gbiztos\u00edt\u00e1si adatok, a hall\u00e1scentrumainkban tett l\u00e1togat\u00e1sainak \u00e9s a t\u0151l\u00fcnk kapott ell\u00e1t\u00e1snak \u00e9s szolg\u00e1ltat\u00e1soknak (azaz az \u00e1ltalunk ny\u00fajtott eg\u00e9szs\u00e9g\u00fcgyi ell\u00e1t\u00e1snak) a feljegyz\u00e9sei, a hall\u00f3k\u00e9sz\u00fcl\u00e9k egyedi sorozatsz\u00e1m \u00e9s az illeszt\u00e9si be\u00e1ll\u00edt\u00e1sok.<\/p>\r\n<p>\u2022<strong>\u00a0Ell\u00e1t\u00e1st \u00e9s jav\u00edt\u00e1si szolg\u00e1ltat\u00e1sokat ny\u00fajtsunk.<\/strong>\u00a0Ez mag\u00e1ban foglalja a hibaelh\u00e1r\u00edt\u00e1st \u00e9s a hall\u00f3k\u00e9sz\u00fcl\u00e9k teljes\u00edtm\u00e9ny\u00e9nek nyomon k\u00f6vet\u00e9s\u00e9t (jellemz\u0151en hibanapl\u00f3k form\u00e1j\u00e1ban), valamint a pr\u00f3bahord\u00e1si szerz\u0151d\u00e9s megk\u00f6t\u00e9s\u00e9t, a hall\u00f3k\u00e9sz\u00fcl\u00e9k szoftver\u00e9nek \u00e9s firmware-\u00e9nek friss\u00edt\u00e9s\u00e9t.<\/p>\r\n<p>Ebb\u0151l a c\u00e9lb\u00f3l kezelj\u00fck az \u00d6n nev\u00e9t, titulus\u00e1t, lakc\u00edm\u00e9t<\/p>\r\n<\/div>\r\n<div class=\"fusion-text fusion-text-2\">\r\n<p>Ebb\u0151l a c\u00e9lb\u00f3l kezelj\u00fck az \u00d6n nev\u00e9t, titulus\u00e1t, lakc\u00edm\u00e9t, telefonsz\u00e1m\u00e1t, e-mail c\u00edm\u00e9t, al\u00e1\u00edr\u00e1s\u00e1t, sz\u00fclet\u00e9si d\u00e1tum\u00e1t, sz\u00fclet\u00e9si hely\u00e9t, a hall\u00e1s\u00e1ra vonatkoz\u00f3 inform\u00e1ci\u00f3kat \u00e9s a hall\u00f3k\u00e9sz\u00fcl\u00e9k\u00e9re vonatkoz\u00f3 m\u0171szaki inform\u00e1ci\u00f3kat. Ezek k\u00f6z\u00e9 tartoznak a vizsg\u00e1lati eredm\u00e9nyek\/audiogramok, kezel\u00e9si tervek, a hall\u00e1scentrumainkban tett l\u00e1togat\u00e1sainak \u00e9s a t\u0151l\u00fcnk kapott t\u00e1mogat\u00e1snak \u00e9s szolg\u00e1ltat\u00e1soknak a feljegyz\u00e9sei, az egyedi sorozatsz\u00e1m, az illeszt\u00e9si be\u00e1ll\u00edt\u00e1sok \u00e9s az esetleges hibanapl\u00f3k, amelyek r\u00e9szletezik az \u00d6n hib\u00e1kkal kapcsolatos szem\u00e9lyes felhaszn\u00e1l\u00f3i tapasztalatait.<\/p>\r\n<p>\u2022<strong>\u00a0Marketingkommunik\u00e1ci\u00f3t ny\u00fajtsunk \u00d6nnek.<\/strong>\u00a0Ha \u00d6n kifejezetten hozz\u00e1j\u00e1rult, akkor h\u00edrleveleket k\u00fcld\u00fcnk \u00d6nnek, vagy olyan term\u00e9keket \u00e9s szolg\u00e1ltat\u00e1sokat aj\u00e1nlunk \u00d6nnek e-mailben, SMS-ben \u00e9s\/vagy telefonon, amelyekr\u0151l \u00fagy gondoljuk, hogy \u00e9rdeklik \u00d6nt. Elektronikus form\u00e1ban ezt csak akkor tessz\u00fck meg, ha \u00d6n ehhez hozz\u00e1j\u00e1rult, vagy ha az \u00d6n orsz\u00e1g\u00e1ban alkalmazand\u00f3 direkt marketingszab\u00e1lyok ezt egy\u00e9bk\u00e9nt megengedik.<\/p>\r\n<p>Ebb\u0151l a c\u00e9lb\u00f3l kezelj\u00fck az \u00d6n nev\u00e9t, e-mail c\u00edm\u00e9t \u00e9s\/vagy telefonsz\u00e1m\u00e1t.<\/p>\r\n<p><strong>\u2022 Jav\u00edtsuk term\u00e9keinket \u00e9s szolg\u00e1ltat\u00e1sainkat.<\/strong>\u00a0Ez mag\u00e1ban foglalja p\u00e9ld\u00e1ul term\u00e9keink \u00e9s szolg\u00e1ltat\u00e1saink haszn\u00e1lat\u00e1nak elemz\u00e9s\u00e9t, valamint konkr\u00e9t visszajelz\u00e9seket, amelyek alapj\u00e1n jav\u00edthatjuk \u00e9s fejleszthetj\u00fck \u00faj term\u00e9keinket \u00e9s szolg\u00e1ltat\u00e1sainkat. Bizonyos esetekben ezt aggreg\u00e1lt\/anonimiz\u00e1lt inform\u00e1ci\u00f3k felhaszn\u00e1l\u00e1s\u00e1val v\u00e9gezz\u00fck.<\/p>\r\n<p>Ebb\u0151l a c\u00e9lb\u00f3l kezelj\u00fck az \u00d6n titulus\u00e1t, lakc\u00edm\u00e9t, sz\u00fclet\u00e9si d\u00e1tum\u00e1t, sz\u00fclet\u00e9si hely\u00e9t, az \u00d6n hall\u00e1s\u00e1ra vonatkoz\u00f3 inform\u00e1ci\u00f3kat \u00e9s a hall\u00f3k\u00e9sz\u00fcl\u00e9k\u00e9re vonatkoz\u00f3 m\u0171szaki inform\u00e1ci\u00f3kat. Ezek k\u00f6z\u00e9 tartoznak a vizsg\u00e1lati eredm\u00e9nyek\/audiogramok, kezel\u00e9si tervek, a hall\u00e1scentrumainkban tett l\u00e1togat\u00e1sainak \u00e9s a t\u0151l\u00fcnk kapott ell\u00e1t\u00e1snak \u00e9s szolg\u00e1ltat\u00e1soknak a feljegyz\u00e9sei, az egyedi sorozatsz\u00e1m, az illeszt\u00e9si be\u00e1ll\u00edt\u00e1sok \u00e9s az esetleges hibanapl\u00f3k, amelyek r\u00e9szletezik az \u00d6n hib\u00e1kkal kapcsolatos szem\u00e9lyes felhaszn\u00e1l\u00f3i tapasztalatait.<\/p>\r\n<p>\u2022\u00a0<strong>Elemezz\u00fck a trendeket, valamint c\u00e9lzott marketingtev\u00e9kenys\u00e9geket v\u00e9gezz\u00fcnk.<\/strong>\u00a0Ez mag\u00e1ban foglalja szolg\u00e1ltat\u00e1saink \u00e9s kommunik\u00e1ci\u00f3nk m\u00f3dos\u00edt\u00e1s\u00e1t, szem\u00e9lyre szab\u00e1s\u00e1t \u00e9s jav\u00edt\u00e1s\u00e1t \u00fcgyfeleink \u00e9rdek\u00e9ben, bele\u00e9rtve a c\u00e9lzott marketingtev\u00e9kenys\u00e9geket is. A k\u00f6z\u00f6ss\u00e9gi m\u00e9dia \u00e9s a k\u00f6z\u00f6ss\u00e9gi m\u00e9diaszolg\u00e1ltat\u00f3k \u00e1ltal biztos\u00edtott hirdet\u00e9si eszk\u00f6z\u00f6ket haszn\u00e1ljuk a relev\u00e1ns c\u00e9lk\u00f6z\u00f6ns\u00e9g megtal\u00e1l\u00e1sa \u00e9rdek\u00e9ben. A k\u00f6z\u00f6ss\u00e9gi m\u00e9di\u00e1ban folytatott hirdet\u00e9si tev\u00e9kenys\u00e9geinket olyan k\u00f6z\u00f6ss\u00e9gi m\u00e9diafelhaszn\u00e1l\u00f3kra ir\u00e1ny\u00edtjuk, akiket kor\u00e1bbi, jelenlegi vagy j\u00f6v\u0151beli \u00e9rdekl\u0151d\u0151knek \u00e9s \u00fcgyfeleknek tekint\u00fcnk, bele\u00e9rtve azokat a k\u00f6z\u00f6ss\u00e9gi m\u00e9diafelhaszn\u00e1l\u00f3kat, akik az \u00fcgyf\u00e9ltrendekre vonatkoz\u00f3 ismereteink alapj\u00e1n val\u00f3sz\u00edn\u0171leg megfelelnek a potenci\u00e1lis, relev\u00e1ns c\u00e9lk\u00f6z\u00f6ns\u00e9g\u00fcnknek.<br \/>Ebb\u0151l a c\u00e9lb\u00f3l kezelj\u00fck az \u00d6n nev\u00e9t, titulus\u00e1t, lakc\u00edm\u00e9t, telefonsz\u00e1m\u00e1t, e-mail c\u00edm\u00e9t, sz\u00fclet\u00e9si d\u00e1tum\u00e1t, v\u00e1s\u00e1rl\u00e1si el\u0151zm\u00e9nyeit \u00e9s az \u00d6n preferenci\u00e1ira vonatkoz\u00f3 inform\u00e1ci\u00f3kat.<\/p>\r\n<p><strong>A fentiekhez val\u00f3 hozz\u00e1j\u00e1rul\u00e1sa \u00f6nk\u00e9ntes,<\/strong>\u00a0\u00e9s b\u00e1rmikor visszavonhatja hozz\u00e1j\u00e1rul\u00e1s\u00e1t, ha kapcsolatba l\u00e9p vel\u00fcnk a fent megadott el\u00e9rhet\u0151s\u00e9gen. Az adatkezel\u00e9shez val\u00f3 hozz\u00e1j\u00e1rul\u00e1s jelen T\u00e1j\u00e9koztat\u00f3 felhaszn\u00e1l\u00e1s\u00e1val t\u00f6rt\u00e9n\u0151 t\u00e1j\u00e9koztat\u00e1st k\u00f6vet\u0151, \u00f6nk\u00e9ntes, konkr\u00e9t, t\u00e1j\u00e9koztat\u00e1son alapul\u00f3 \u00e9s az \u00f6n egy\u00e9rtelm\u0171 hozz\u00e1j\u00e1rul\u00e1s\u00e1n alapul, amely t\u00f6rt\u00e9nhet jellemz\u0151en az adatkezel\u00e9si hozz\u00e1j\u00e1rul\u00f3 nyilatkozat kit\u00f6lt\u00e9s\u00e9vel \u00e9s al\u00e1\u00edr\u00e1s\u00e1val, vagy az Adatkezel\u00e9si T\u00e1j\u00e9koztat\u00f3 elfogad\u00e1s\u00e1val \u00e9s az adatkezel\u00e9si hozz\u00e1j\u00e1rul\u00e1s megad\u00e1s\u00e1val checkbox haszn\u00e1lat\u00e1val. Ha visszavonja hozz\u00e1j\u00e1rul\u00e1s\u00e1t az hat\u00e1ssal van arra, hogy k\u00e9pesek vagyunk-e biztos\u00edtani \u00d6nnek hall\u00e1sjav\u00edt\u00f3 term\u00e9keinket \u00e9s szolg\u00e1ltat\u00e1sainkat. A hozz\u00e1j\u00e1rul\u00e1s visszavon\u00e1sa csak a j\u00f6v\u0151re vonatkozik, \u00e9s az \u00d6n szem\u00e9lyes adatainak a hozz\u00e1j\u00e1rul\u00e1s\u00e1nak visszavon\u00e1s\u00e1t megel\u0151z\u0151 kezel\u00e9s\u00e9t nem \u00e9rinti. Amennyiben \u00d6n az adatkezel\u00e9shez val\u00f3 hozz\u00e1j\u00e1rul\u00e1s\u00e1t visszavonja, a hozz\u00e1j\u00e1rul\u00e1s visszavon\u00e1s\u00e1t k\u00f6vet\u0151en a szem\u00e9lyes adatait elt\u00e1vol\u00edtjuk a rendszerekb\u0151l \u00e9s nyilv\u00e1ntart\u00e1sokb\u00f3l vagy pedig megfelel\u0151 int\u00e9zked\u00e9seket tesz\u00fcnk az adatok anonimiz\u00e1l\u00e1sa \u00e9rdek\u00e9ben, kiv\u00e9ve, ha ir\u00e1nyad\u00f3 jogszab\u00e1lyi k\u00f6telezetts\u00e9gnek val\u00f3 megfelel\u00e9s \u00e9rdek\u00e9ben az adatot meg kell \u0151rizn\u00fcnk (pl. ad\u00f3z\u00e1si c\u00e9lokb\u00f3l).<\/p>\r\n<p>A hozz\u00e1j\u00e1rul\u00e1s alapj\u00e1n kezelt kommunik\u00e1ci\u00f3s, kapcsolatfelv\u00e9tel c\u00e9l\u00fa adatok vonatkoz\u00e1s\u00e1ban az adatokat az utols\u00f3 kapcsolatfelv\u00e9telt k\u00f6vet\u0151 5 \u00e9vig kezelj\u00fck, majd t\u00f6r\u00f6lj\u00fck.<\/p>\r\n<\/div>\r\n<div class=\"fusion-text fusion-text-3\">\r\n<p><strong>2.2<\/strong>\u00a0Amikor \u00d6n megrendeli valamelyik hall\u00f3k\u00e9sz\u00fcl\u00e9k\u00fcnket, az \u00d6n szem\u00e9lyes adatait az \u00d6nnel fenn\u00e1ll\u00f3 szerz\u0151d\u00e9ses kapcsolatunk alapj\u00e1n kezelj\u00fck abb\u00f3l a c\u00e9lb\u00f3l, hogy:<br \/><strong>\u2022 Az \u00d6n sz\u00e1m\u00e1ra hall\u00f3k\u00e9sz\u00fcl\u00e9ket biztos\u00edtsunk.<\/strong>\u00a0Ez mag\u00e1ban foglalja a hall\u00f3k\u00e9sz\u00fcl\u00e9kek \u00e9s tartoz\u00e9kok \u00e1tad\u00e1s\u00e1t, sz\u00e1ll\u00edt\u00e1st, a megrendel\u00e9s \u00e9s a fizet\u00e9s feldolgoz\u00e1s\u00e1t, valamint a kapcsol\u00f3d\u00f3 sz\u00e1ml\u00e1z\u00e1st.<br \/>Ebb\u0151l a c\u00e9lb\u00f3l kezelj\u00fck az \u00d6n nev\u00e9t, titulus\u00e1t, lakc\u00edm\u00e9t, telefonsz\u00e1m\u00e1t, e-mail c\u00edm\u00e9t, sz\u00e1ml\u00e1z\u00e1si c\u00edm\u00e9t, sz\u00e1ll\u00edt\u00e1si c\u00edm\u00e9t \u00e9s v\u00e1s\u00e1rl\u00e1si el\u0151zm\u00e9nyeit.<br \/>A szerz\u0151d\u00e9s vonatkoz\u00e1s\u00e1ban az adatokat, valamint mag\u00e1t a szerz\u0151d\u00e9st az ad\u00f3jogi jogszab\u00e1lyokra tekintettel 6 \u00e9vig, a sz\u00e1ml\u00e1t \u2013 szint\u00e9n az ad\u00f3jogi jogszab\u00e1lyokra tekintettel \u2013 8 \u00e9vig kell kezel\u00fcnk.<br \/><strong>2.3<\/strong>\u00a0Jogi el\u0151\u00edr\u00e1sokb\u00f3l fakad\u00f3 k\u00f6telezetts\u00e9g teljes\u00edt\u00e9se<br \/><strong>\u2022 Kezelj\u00fck az \u00d6nt esetlegesen megillet\u0151 t\u00e1rsadalombiztos\u00edt\u00e1si t\u00e1mogat\u00e1sokat.<\/strong>\u00a0Ez mag\u00e1ban foglalja az \u00d6nt \u00e9rint\u0151 t\u00e1mogat\u00e1si rendszerek \u00e9s szoci\u00e1lis hozz\u00e1j\u00e1rul\u00e1sok stb. ig\u00e9nybev\u00e9tel\u00e9t \u00e9s adminisztr\u00e1ci\u00f3j\u00e1t. Ide tartozhat a fel\u00edr\u00e1sok kezel\u00e9se, v\u00e9nybev\u00e1lt\u00e1s, a levelez\u00e9s, a sz\u00e1ml\u00e1z\u00e1s \u00e9s a hat\u00f3s\u00e1gokkal val\u00f3 \u00fcgyint\u00e9z\u00e9s.<\/p>\r\n<p>Ebb\u0151l a c\u00e9lb\u00f3l kezelj\u00fck az \u00d6n nev\u00e9t, titulus\u00e1t, lakc\u00edm\u00e9tsz\u00fclet\u00e9si d\u00e1tum\u00e1t, t\u00e1rsadalombiztos\u00edt\u00e1si azonos\u00edt\u00f3 jel\u00e9t (ha relev\u00e1ns), az \u00d6n hall\u00e1s\u00e1ra vonatkoz\u00f3 inform\u00e1ci\u00f3kat \u00e9s a hall\u00f3k\u00e9sz\u00fcl\u00e9k\u00e9re vonatkoz\u00f3 m\u0171szaki inform\u00e1ci\u00f3kat. Ide tartoznak a vizsg\u00e1lati eredm\u00e9nyek, kezel\u00e9si tervek, a hall\u00e1scentrumainkban tett l\u00e1togat\u00e1sainak \u00e9s a t\u0151l\u00fcnk kapott ell\u00e1t\u00e1snak \u00e9s szolg\u00e1ltat\u00e1soknak a nyilv\u00e1ntart\u00e1sa, egyedi sorozatsz\u00e1m. Az \u00d6n ell\u00e1t\u00e1si\/visszat\u00e9r\u00edt\u00e9si jogosults\u00e1g\u00e1ra vonatkoz\u00f3 inform\u00e1ci\u00f3kat is kezelj\u00fck, bele\u00e9rtve a K\u00f6zgy\u00f3gyell\u00e1t\u00e1si-enged\u00e9ly sz\u00e1m\u00e1t, BNO k\u00f3dot, fel\u00edr\u00e1si igazol\u00e1s sz\u00e1m\u00e1t.<br \/>A v\u00e9nybev\u00e1lt\u00e1ssal kapcsolatos jogszab\u00e1lyon alapul\u00f3 adatkezel\u00e9s, azaz a v\u00e9nyek meg\u0151rz\u00e9se a jogszab\u00e1lyban el\u0151\u00edrt ideig, 5 \u00e9vig t\u00f6rt\u00e9nik<br \/><strong>\u2022 Az EU Orvostechnikai Eszk\u00f6z\u00f6kr\u0151l sz\u00f3l\u00f3 Rendelete szerinti nyomonk\u00f6vethet\u0151s\u00e9gi k\u00f6vetelm\u00e9nyek<\/strong>\u00a0is el\u0151\u00edrhatj\u00e1k sz\u00e1munkra, hogy az \u00d6n kezel\u00e9s\u00e9vel kapcsolatos inform\u00e1ci\u00f3kat tartalmaz\u00f3 \u00fcgyf\u00e9lnyilv\u00e1ntart\u00e1st feljegyezz\u00fck \u00e9s vezess\u00fck.<br \/>Ebb\u0151l a c\u00e9lb\u00f3l kezelj\u00fck az \u00d6n nev\u00e9t, titulus\u00e1t, lakc\u00edm\u00e9t, telefonsz\u00e1m\u00e1t, e-mail c\u00edm\u00e9t, sz\u00fclet\u00e9si d\u00e1tum\u00e1t, a hall\u00f3k\u00e9sz\u00fcl\u00e9k\u00e9re vonatkoz\u00f3 m\u0171szaki inform\u00e1ci\u00f3kat. Az inform\u00e1ci\u00f3t meg kell \u0151rizni t\u00edz \u00e9ven \u00e1t azt k\u00f6vet\u0151en, hogy az EU-megfelel\u0151s\u00e9gi nyilatkozatban szerepl\u0151 utols\u00f3 eszk\u00f6zt forgalomba hozt\u00e1k. A be\u00fcltethet\u0151 eszk\u00f6z\u00f6k eset\u00e9ben ennek az id\u0151tartamnak az utols\u00f3 eszk\u00f6z forgalomba hozatal\u00e1t\u00f3l sz\u00e1m\u00edtott legal\u00e1bb tizen\u00f6t \u00e9vet kell kitennie.<br \/><strong>3. Hogyan osztjuk meg az \u00d6n szem\u00e9lyes adatait<\/strong><br \/>A hall\u00e1sjav\u00edt\u00f3 kezel\u00e9s \u00e9s m\u0171t\u00e9tek eset\u00e9n sz\u00fcks\u00e9gess\u00e9 v\u00e1lhat, hogy az \u00d6n szem\u00e9lyes adatait megosszuk a Demant Group-on bel\u00fcli m\u00e1s szervezetekkel. A Demant Group glob\u00e1lis szervezet, hat\u00e1rokon \u00e1tny\u00fal\u00f3 v\u00e1llalkoz\u00e1sokkal. Mint ilyen, alkalmank\u00e9nt sz\u00fcks\u00e9ges, hogy a szem\u00e9lyes adatokat az egy\u00e9b szervezeti egys\u00e9gei, adatfeldolgoz\u00f3i vagy harmadik szem\u00e9lyek sz\u00e1m\u00e1ra tov\u00e1bb\u00edtsa, azonos, vagy m\u00e1s orsz\u00e1gba, vagy a szem\u00e9lyes adatokat olyan adatb\u00e1zisban t\u00e1rolja, melyek m\u00e1s orsz\u00e1gokban tal\u00e1lhat\u00f3k, vagy m\u00e1s orsz\u00e1gokb\u00f3l el\u00e9rhet\u0151k.<br \/>A szervezeti egys\u00e9geknek t\u00f6rt\u00e9n\u0151 adattov\u00e1bb\u00edt\u00e1s: A m\u00e1s t\u00e1rsv\u00e1llalatok sz\u00e1m\u00e1ra t\u00f6rt\u00e9n\u0151 adat\u00e1tvitelekre biztos\u00edtja a jelen szab\u00e1lyzatnak, valamint az esetleges \u2013 adattov\u00e1bb\u00edt\u00e1sra \u00e9s tov\u00e1bbi adatfeldolgoz\u00e1sokra vonatkoz\u00f3 \u2013 szigor\u00fabb helyi jogszab\u00e1lyoknak t\u00f6rt\u00e9n\u0151 megfelel\u00e9st.<\/p>\r\n<p>Az \u00d6n szem\u00e9lyes adatait a szervezet\u00fcnk\u00f6n k\u00edv\u00fcl is megoszthatjuk k\u00fcls\u0151 harmadik felekkel olyan feladatok elv\u00e9gz\u00e9se c\u00e9lj\u00e1b\u00f3l, mint p\u00e9ld\u00e1ul:<br \/>\u2022 hall\u00e1svizsg\u00e1latok elv\u00e9gz\u00e9se hall\u00e1scentrumainkban;<br \/>\u2022 hall\u00e1scentrumainkb\u00f3l t\u00f6rt\u00e9n\u0151 beutal\u00f3val t\u00f6rt\u00e9n\u0151 m\u00e1sodv\u00e9lem\u00e9nyez\u00e9s vagy \u00e9rt\u00e9kel\u00e9s;<br \/>\u2022 a term\u00e9keink biztos\u00edt\u00e1s\u00e1ban vagy tervez\u00e9s\u00e9ben, illetve \u00fczleti adminisztr\u00e1ci\u00f3nkban val\u00f3 seg\u00edts\u00e9gny\u00fajt\u00e1s;<br \/>\u2022 telefonos \u00fcgyf\u00e9lszolg\u00e1latunk m\u0171k\u00f6dtet\u00e9se; \u00e9s<br \/>\u2022 elektronikus vagy fizikai t\u00e1rol\u00e1si szolg\u00e1ltat\u00e1sok vagy rendszerek biztos\u00edt\u00e1sa.<\/p>\r\n<p>Az adatszolg\u00e1ltat\u00f3 szem\u00e9lyes adatai biztons\u00e1ga \u00e9s v\u00e9delm\u00e9nek biztos\u00edt\u00e1sa \u00e9rdek\u00e9ben e k\u00fcls\u0151s szolg\u00e1ltat\u00f3kkal olyan szerz\u0151d\u00e9st k\u00f6t\u00fcnk, amely biztos\u00edtja azt, hogy az adatszolg\u00e1ltat\u00f3 adatainak v\u00e9delme \u00e9rdek\u00e9ben megfelel\u0151 biztons\u00e1gi int\u00e9zked\u00e9seket hajtsanak v\u00e9gre \u00e9s alkalmazzanak:<\/p>\r\n<\/div>\r\n<\/div>\r\n<\/div>\r\n<\/div>\r\n<\/div>\r\n<div class=\"fusion-fullwidth fullwidth-box fusion-builder-row-2 fusion-flex-container has-pattern-background has-mask-background nonhundred-percent-fullwidth non-hundred-percent-height-scrolling\">\r\n<div class=\"fusion-builder-row fusion-row fusion-flex-align-items-flex-start fusion-flex-content-wrap\">\r\n<div class=\"fusion-layout-column fusion_builder_column fusion-builder-column-1 fusion_builder_column_1_1 1_1 fusion-flex-column\">\r\n<div class=\"fusion-column-wrapper fusion-column-has-shadow fusion-flex-justify-content-flex-start fusion-content-layout-column\">\r\n<div class=\"fusion-text fusion-text-4\">\r\n<p>Az \u00e1ltalunk jelenleg ig\u00e9nybe vett Adatfeldolgoz\u00f3k a k\u00f6vetkez\u0151k:<\/p>\r\n<\/div>\r\n<div class=\"table-1\">\r\n<table width=\"100%\">\r\n<thead>\r\n<tr>\r\n<th align=\"left\">C\u00e9gn\u00e9v<\/th>\r\n<th align=\"left\">C\u00edm<\/th>\r\n<th align=\"left\">Tev\u00e9kenys\u00e9g jellege<\/th>\r\n<\/tr>\r\n<\/thead>\r\n<tbody>\r\n<tr>\r\n<td align=\"left\">GLS General Logistics Systems Hungary Kft.<\/td>\r\n<td align=\"left\">2351 Als\u00f3n\u00e9medi, GLS Eur\u00f3pa utca 2.<\/td>\r\n<td align=\"left\">fut\u00e1rpostai tev\u00e9kenys\u00e9g<\/td>\r\n<\/tr>\r\n<tr>\r\n<td align=\"left\">Audiosoft IT \u2013 Consulting Kft.<\/td>\r\n<td align=\"left\">1014 Budapest, T\u00f3th \u00c1rp\u00e1d s\u00e9t\u00e1ny 28. 1. em. 4.<\/td>\r\n<td align=\"left\">informatikai szolg\u00e1ltat\u00e1s<\/td>\r\n<\/tr>\r\n<tr>\r\n<td align=\"left\">LAP Consulting Kft.<\/td>\r\n<td align=\"left\">1139 Budapest, Forg\u00e1ch utca 37.<\/td>\r\n<td align=\"left\">k\u00f6nyvel\u00e9s, sz\u00e1mla \u00fcgyint\u00e9z\u00e9s<\/td>\r\n<\/tr>\r\n<tr>\r\n<td align=\"left\">MiniCRM Zrt.<\/td>\r\n<td align=\"left\">1075 Budapest, Mad\u00e1ch Imre \u00fat 13-14.<\/td>\r\n<td align=\"left\">k\u00f6zponti \u00fcgyf\u00e9ladatb\u00e1zis, \u00fcgyf\u00e9ladat-t\u00e1rol\u00e1s \u00e9s -kezel\u00e9s<\/td>\r\n<\/tr>\r\n<\/tbody>\r\n<\/table>\r\n<\/div>\r\n<div class=\"fusion-text fusion-text-5\">\r\n<p>A t\u00e1mogat\u00e1sok adminisztr\u00e1ci\u00f3ja r\u00e9szek\u00e9nt megosztjuk az \u00d6n szem\u00e9lyes adatait az \u00e1llami hat\u00f3s\u00e1gokkal, hogy az \u00d6n sz\u00e1m\u00e1ra fel\u00edrt \u00e9s \u00e1tadott hall\u00f3k\u00e9sz\u00fcl\u00e9kekr\u0151l sz\u00e1ml\u00e1t \u00e1ll\u00edthassunk ki az illet\u00e9kes hat\u00f3s\u00e1gnak.<\/p>\r\n<p>Az \u00d6n szem\u00e9lyes adatait csak olyan m\u00e9rt\u00e9kben osztjuk meg k\u00fcls\u0151 harmadik felekkel, amennyire az a jelen Adatkezel\u00e9si T\u00e1j\u00e9koztat\u00f3ban le\u00edrt c\u00e9lokb\u00f3l sz\u00fcks\u00e9ges. Szolg\u00e1ltat\u00f3ink nem jogosultak az \u00d6n szem\u00e9lyes adatait m\u00e1s c\u00e9lokra meg\u0151rizni vagy felhaszn\u00e1lni, \u00e9s mindig kiemelten k\u00f6telesek az \u00d6n szem\u00e9lyes adatait biztons\u00e1gosan \u00e9s bizalmasan kezelni.<\/p>\r\n<\/div>\r\n<\/div>\r\n<\/div>\r\n<div class=\"fusion-layout-column fusion_builder_column fusion-builder-column-2 fusion_builder_column_1_1 1_1 fusion-flex-column\">\r\n<div class=\"fusion-column-wrapper fusion-column-has-shadow fusion-flex-justify-content-flex-start fusion-content-layout-column\">\r\n<div class=\"fusion-text fusion-text-6\">\r\n<p><strong>4<\/strong>.<strong>\u00a0Adattov\u00e1bb\u00edt\u00e1s az EU\/EGT-n k\u00edv\u00fcli orsz\u00e1gokba<\/strong><br \/>Ha az \u00d6n szem\u00e9lyes adatait olyan kapcsolt v\u00e1llalatnak vagy k\u00fcls\u0151 harmadik f\u00e9l szolg\u00e1ltat\u00f3nak tov\u00e1bb\u00edtjuk, amely az EU\/EGT-n k\u00edv\u00fcl tal\u00e1lhat\u00f3, \u00e9s amely nem az Eur\u00f3pai Bizotts\u00e1g \u00e1ltal j\u00f3v\u00e1hagyott, \u201emegfelel\u0151\u201d v\u00e9delmet biztos\u00edt\u00f3 harmadik orsz\u00e1g, mindig gondoskodunk arr\u00f3l, hogy az adatok v\u00e9delm\u00e9hez sz\u00fcks\u00e9ges megfelel\u0151 biztos\u00edt\u00e9kokat ny\u00fajtsunk, nevezetesen az Eur\u00f3pai Bizotts\u00e1g \u00e1ltal j\u00f3v\u00e1hagyott \u00e1ltal\u00e1nos szerz\u0151d\u00e9si felt\u00e9telek megk\u00f6t\u00e9se r\u00e9v\u00e9n. Eme \u00e1ltal\u00e1nos szerz\u0151d\u00e9si felt\u00e9telek m\u00e1solat\u00e1t a fenti 1. pontban megadott el\u00e9rhet\u0151s\u00e9gen k\u00e9rheti.<\/p>\r\n<p>Szem\u00e9lyes adatait akkor is tov\u00e1bb\u00edthatjuk, ha a tov\u00e1bb\u00edt\u00e1st t\u00f6rv\u00e9ny, b\u00edr\u00f3s\u00e1gi hat\u00e1rozat vagy b\u00edr\u00f3s\u00e1gi aktus indokolja.<\/p>\r\n<p><strong>5. Mennyi ideig t\u00e1roljuk az \u00d6n szem\u00e9lyes adatait<\/strong><br \/>Az \u00d6n szem\u00e9lyes adatait addig kezelj\u00fck, am\u00edg az sz\u00fcks\u00e9ges azon c\u00e9lok teljes\u00edt\u00e9s\u00e9hez, amelyek \u00e9rdek\u00e9ben az \u00d6n szem\u00e9lyes adatait gy\u0171jt\u00f6tt\u00fck, azaz am\u00edg \u00d6nnel kapcsolatban \u00e1llunk. Jogszab\u00e1ly is el\u0151\u00edrja sz\u00e1munkra, hogy az \u00d6n adatait bizonyos ideig meg\u0151rizz\u00fck, p\u00e9ld\u00e1ul az EU Orvostechnikai Eszk\u00f6z\u00f6kr\u0151l sz\u00f3l\u00f3 Rendelete szerinti nyomonk\u00f6vethet\u0151s\u00e9gi k\u00f6vetelm\u00e9nyek miatt. Az olyan k\u00f6zvetlen marketingtev\u00e9kenys\u00e9gek eset\u00e9ben, amelyekhez \u00d6n hozz\u00e1j\u00e1rul\u00e1s\u00e1t adta, ha visszavonja hozz\u00e1j\u00e1rul\u00e1s\u00e1t, t\u00f6r\u00f6lj\u00fck \u00d6nt a kommunik\u00e1ci\u00f3s list\u00e1nkr\u00f3l.<\/p>\r\n<p><strong>6. Az \u00d6n \u00e9rintetti jogai<\/strong><br \/>Az EU \u00e1ltal\u00e1nos adatv\u00e9delmi rendelete (\u201eGDPR\u201d) \u00e9rtelm\u00e9ben \u00d6nt, mint \u00e9rintettet sz\u00e1mos jog illeti meg:<\/p>\r\n<p>\u2022 A szem\u00e9lyes adataihoz val\u00f3 hozz\u00e1f\u00e9r\u00e9s joga<br \/>\u2022 A szem\u00e9lyes adatainak helyesb\u00edt\u00e9s\u00e9hez (kijav\u00edt\u00e1s\u00e1hoz) val\u00f3 jog<br \/>\u2022 A szem\u00e9lyes adatainak t\u00f6rl\u00e9s\u00e9hez val\u00f3 jog<br \/>\u2022 A szem\u00e9lyes adatai kezel\u00e9s\u00e9nek korl\u00e1toz\u00e1s\u00e1hoz val\u00f3 jog<br \/>\u2022 Az adathordozhat\u00f3s\u00e1ghoz val\u00f3 jog<br \/>\u2022 A tiltakoz\u00e1shoz val\u00f3 jog \u2013 a szem\u00e9lyes adat kezel\u00e9se ellen, vagy az automatikus d\u00f6nt\u00e9shozatallal szemben<\/p>\r\n<p>Ha k\u00e9ts\u00e9ge mer\u00fcl fel azzal kapcsolatban, hogy hogyan haszn\u00e1ljuk fel szem\u00e9lyes adatait, k\u00e9rj\u00fck, l\u00e9pjen kapcsolatba vel\u00fcnk az Adatkezel\u00e9si T\u00e1j\u00e9koztat\u00f3 elej\u00e9n megadott el\u00e9rhet\u0151s\u00e9gen. Jog\u00e1ban \u00e1ll tov\u00e1bb\u00e1 panaszt tenni az illet\u00e9kes nemzeti fel\u00fcgyeleti hat\u00f3s\u00e1gn\u00e1l. Magyarorsz\u00e1gon az illet\u00e9kes fel\u00fcgyeleti hat\u00f3s\u00e1g a Nemzeti Adatv\u00e9delmi \u00e9s Inform\u00e1ci\u00f3szabads\u00e1g Hat\u00f3s\u00e1g. A Nemzeti Adatv\u00e9delmi \u00e9s Inform\u00e1ci\u00f3szabads\u00e1g Hat\u00f3s\u00e1got a 1055 Budapest, Falk Miksa u. 9-11., +36 1 391 1400, e-mail:\u00a0<a href=\"mailto:ugyfelszolgalat@naih.hu\" target=\"_blank\" rel=\"noopener\">ugyfelszolgalat@naih.hu<\/a>\u00a0alatt \u00e9rheti el.<\/p>\r\n<p><em>A jelen Adatv\u00e9delmi T\u00e1j\u00e9koztat\u00f3 legut\u00f3bbi friss\u00edt\u00e9s\u00e9nek napja: 2023.08.28.<\/em><\/p>\r\n<\/div>\r\n<\/div>\r\n<\/div>\r\n<\/div>\r\n<\/div>\t\t\t\t\t\t\t\t<\/div>\n\t\t\t\t<\/div>\n\t\t\t\t\t<\/div>\n\t\t\t\t<\/div>\n\t\t\t\t<\/div>\n\t\t","protected":false},"excerpt":{"rendered":"<p>Adatkezel\u00e9si t\u00e1j\u00e9koztat\u00f3 Jelen Adatkezel\u00e9si T\u00e1j\u00e9koztat\u00f3 r\u00e9szletezi, hogy a felhaszn\u00e1l\u00f3inknak ny\u00fajtott hall\u00e1sjav\u00edt\u00f3 kezel\u00e9s sor\u00e1n hogyan kezelj\u00fck a szem\u00e9lyes adatokat. Szem\u00e9lyes adatok kezel\u00e9s\u00e9t v\u00e9gezz\u00fck, [&hellip;]<\/p>\n","protected":false},"author":1,"featured_media":0,"parent":0,"menu_order":0,"comment_status":"closed","ping_status":"open","template":"elementor_header_footer","meta":{"footnotes":""},"class_list":["post-3","page","type-page","status-publish","hentry"],"_links":{"self":[{"href":"https:\/\/audika.hu\/hangokvilaga\/wp-json\/wp\/v2\/pages\/3","targetHints":{"allow":["GET"]}}],"collection":[{"href":"https:\/\/audika.hu\/hangokvilaga\/wp-json\/wp\/v2\/pages"}],"about":[{"href":"https:\/\/audika.hu\/hangokvilaga\/wp-json\/wp\/v2\/types\/page"}],"author":[{"embeddable":true,"href":"https:\/\/audika.hu\/hangokvilaga\/wp-json\/wp\/v2\/users\/1"}],"replies":[{"embeddable":true,"href":"https:\/\/audika.hu\/hangokvilaga\/wp-json\/wp\/v2\/comments?post=3"}],"version-history":[{"count":4,"href":"https:\/\/audika.hu\/hangokvilaga\/wp-json\/wp\/v2\/pages\/3\/revisions"}],"predecessor-version":[{"id":1368,"href":"https:\/\/audika.hu\/hangokvilaga\/wp-json\/wp\/v2\/pages\/3\/revisions\/1368"}],"wp:attachment":[{"href":"https:\/\/audika.hu\/hangokvilaga\/wp-json\/wp\/v2\/media?parent=3"}],"curies":[{"name":"wp","href":"https:\/\/api.w.org\/{rel}","templated":true}]}}